{"id":2953,"date":"2017-08-15T17:36:41","date_gmt":"2017-08-15T17:36:41","guid":{"rendered":"http:\/\/www.landschildkroeten.de\/haltung\/?page_id=2953"},"modified":"2020-09-02T17:01:36","modified_gmt":"2020-09-02T17:01:36","slug":"breitrandschildkroete-testudo-marginata","status":"publish","type":"page","link":"https:\/\/www.xn--landschildkrte-6pb.de\/haltung\/breitrandschildkroete-testudo-marginata\/","title":{"rendered":"Breitrandschildkr\u00f6te &#8211; Testudo marginata"},"content":{"rendered":"<div class=\"extra-wrap block_7\">\nDie Breitrandschildkr\u00f6te ist die gr\u00f6\u00dfte Europ\u00e4ische Landschildkr\u00f6te. Sie kann ein Gewicht von 5 kg und eine Panzerl\u00e4nge von bis zu 40 cm erreichen.<\/p>\n<p>Im Gegensatz zu anderen Europ\u00e4ischen Landschildkr\u00f6ten ist der Hinterrand des Carapax ges\u00e4gt und glockenf\u00f6rmig aufgebogen. Die Vorderbeine sind mit gro\u00dfen Schuppen bedeckt. Das Schwanzschild ist immer ungeteilt. Testudo marginata weist zudem keinen Schwanznagel und auch keinen Hornkegel zwischen Schwanz und Hinterbeinen auf. Die Haut und auch der R\u00fcckenpanzer ist bei adulten Tieren dunkelgrau bis schwarz gef\u00e4rbt.<a href=\"https:\/\/www.xn--landschildkrte-6pb.de\/haltung\/wp-content\/uploads\/2017\/08\/breitrandschildkr\u00f6te.jpg\"><img loading=\"lazy\" decoding=\"async\" class=\"alignnone size-full wp-image-2954\" src=\"https:\/\/www.xn--landschildkrte-6pb.de\/haltung\/wp-content\/uploads\/2017\/08\/breitrandschildkr\u00f6te.jpg\" alt=\"\" width=\"800\" height=\"531\" srcset=\"https:\/\/www.xn--landschildkrte-6pb.de\/haltung\/wp-content\/uploads\/2017\/08\/breitrandschildkr\u00f6te.jpg 800w, https:\/\/www.xn--landschildkrte-6pb.de\/haltung\/wp-content\/uploads\/2017\/08\/breitrandschildkr\u00f6te-300x199.jpg 300w, https:\/\/www.xn--landschildkrte-6pb.de\/haltung\/wp-content\/uploads\/2017\/08\/breitrandschildkr\u00f6te-768x510.jpg 768w\" sizes=\"auto, (max-width: 800px) 100vw, 800px\" \/><\/a><br \/>\n<em>Sehr dunkle, alte Testudo marginata mit einer Panzerl\u00e4nge von 36cm in ihrem nat\u00fcrlichen Lebensraum<\/em><\/p>\n<h3>Haltung<\/h3>\n<p>Die Breitrandschildkr\u00f6te wird ungef\u00e4hr so wie die <a href=\"https:\/\/www.xn--landschildkrte-6pb.de\/arten\/griechische-landschildkroete-testudo-hermanni\/\">Griechische Landschildkr\u00f6te<\/a> gehalten. Es muss allerdings darauf geachtet werden, dass im <a href=\"https:\/\/www.xn--landschildkrte-6pb.de\/schildkroeten-fruehbeet-alltop\/\">Fr\u00fchbeet<\/a> kein komplett trockenes Substrat ist, da besonders Breitrandschildkr\u00f6ten darauf mit Erk\u00e4ltungserscheinungen reagieren k\u00f6nnen.<br \/>\n<a href=\"https:\/\/www.xn--landschildkrte-6pb.de\/haltung\/wp-content\/uploads\/2017\/08\/testudo-marginata.jpg\"><img loading=\"lazy\" decoding=\"async\" class=\"alignnone size-full wp-image-2955\" src=\"https:\/\/www.xn--landschildkrte-6pb.de\/haltung\/wp-content\/uploads\/2017\/08\/testudo-marginata.jpg\" alt=\"\" width=\"800\" height=\"531\" srcset=\"https:\/\/www.xn--landschildkrte-6pb.de\/haltung\/wp-content\/uploads\/2017\/08\/testudo-marginata.jpg 800w, https:\/\/www.xn--landschildkrte-6pb.de\/haltung\/wp-content\/uploads\/2017\/08\/testudo-marginata-300x199.jpg 300w, https:\/\/www.xn--landschildkrte-6pb.de\/haltung\/wp-content\/uploads\/2017\/08\/testudo-marginata-768x510.jpg 768w\" sizes=\"auto, (max-width: 800px) 100vw, 800px\" \/><\/a><br \/>\n<em>Freilebende Breitrandschildkr\u00f6te auf Sardinien.<\/em><\/p>\n<a href=\"https:\/\/www.xn--landschildkrte-6pb.de\/schildkroetenexkursion-sardinien\/\" title=\"Weitere Fotos von Schildkr\u00f6ten auf Sardinien\" class=\"btn btn-primary btn-normal btn-inline \" target=\"_blank\"><i class=\"icon-arrow-right\"><\/i>Weitere Fotos von Schildkr\u00f6ten auf Sardinien<\/a><!-- .btn -->\n<p><a href=\"https:\/\/www.xn--landschildkrte-6pb.de\/haltung\/wp-content\/uploads\/2017\/08\/breitrandschildkr\u00f6ten-auf-sardinien.jpg\"><img loading=\"lazy\" decoding=\"async\" class=\"alignnone size-full wp-image-2956\" src=\"https:\/\/www.xn--landschildkrte-6pb.de\/haltung\/wp-content\/uploads\/2017\/08\/breitrandschildkr\u00f6ten-auf-sardinien.jpg\" alt=\"\" width=\"800\" height=\"531\" srcset=\"https:\/\/www.xn--landschildkrte-6pb.de\/haltung\/wp-content\/uploads\/2017\/08\/breitrandschildkr\u00f6ten-auf-sardinien.jpg 800w, https:\/\/www.xn--landschildkrte-6pb.de\/haltung\/wp-content\/uploads\/2017\/08\/breitrandschildkr\u00f6ten-auf-sardinien-300x199.jpg 300w, https:\/\/www.xn--landschildkrte-6pb.de\/haltung\/wp-content\/uploads\/2017\/08\/breitrandschildkr\u00f6ten-auf-sardinien-768x510.jpg 768w\" sizes=\"auto, (max-width: 800px) 100vw, 800px\" \/><\/a><br \/>\nAuf einer kleinen, trockenen Lichtung eines Berges in Nordost-Sardinien.<\/p>\n<p><a href=\"https:\/\/www.xn--landschildkrte-6pb.de\/haltung\/wp-content\/uploads\/2017\/08\/Freilebende-Breitrandschildkr\u00f6te-auf-einem-Berg-in-Ostsardinien.jpg\"><img loading=\"lazy\" decoding=\"async\" class=\"alignnone size-full wp-image-2957\" src=\"https:\/\/www.xn--landschildkrte-6pb.de\/haltung\/wp-content\/uploads\/2017\/08\/Freilebende-Breitrandschildkr\u00f6te-auf-einem-Berg-in-Ostsardinien.jpg\" alt=\"\" width=\"800\" height=\"531\" srcset=\"https:\/\/www.xn--landschildkrte-6pb.de\/haltung\/wp-content\/uploads\/2017\/08\/Freilebende-Breitrandschildkr\u00f6te-auf-einem-Berg-in-Ostsardinien.jpg 800w, https:\/\/www.xn--landschildkrte-6pb.de\/haltung\/wp-content\/uploads\/2017\/08\/Freilebende-Breitrandschildkr\u00f6te-auf-einem-Berg-in-Ostsardinien-300x199.jpg 300w, https:\/\/www.xn--landschildkrte-6pb.de\/haltung\/wp-content\/uploads\/2017\/08\/Freilebende-Breitrandschildkr\u00f6te-auf-einem-Berg-in-Ostsardinien-768x510.jpg 768w\" sizes=\"auto, (max-width: 800px) 100vw, 800px\" \/><\/a><br \/>\n<em>Freilebende Testudo marginata auf einem Berg in Ostsardinien<\/em><\/p>\n<h3>Nat\u00fcrlicher Lebensraum auf Sardinien<\/h3>\n<p>In dichtem Buschwerk verriet sich durch ein Rascheln dieses sch\u00f6ne Exemplar.<\/p>\n<p><a href=\"https:\/\/www.xn--landschildkrte-6pb.de\/haltung\/wp-content\/uploads\/2017\/08\/Habitat-nat\u00fcrlicher-Lebensraum-Breitrandschildkr\u00f6te.jpg\"><img loading=\"lazy\" decoding=\"async\" class=\"alignnone size-full wp-image-2958\" src=\"https:\/\/www.xn--landschildkrte-6pb.de\/haltung\/wp-content\/uploads\/2017\/08\/Habitat-nat\u00fcrlicher-Lebensraum-Breitrandschildkr\u00f6te.jpg\" alt=\"\" width=\"800\" height=\"531\" srcset=\"https:\/\/www.xn--landschildkrte-6pb.de\/haltung\/wp-content\/uploads\/2017\/08\/Habitat-nat\u00fcrlicher-Lebensraum-Breitrandschildkr\u00f6te.jpg 800w, https:\/\/www.xn--landschildkrte-6pb.de\/haltung\/wp-content\/uploads\/2017\/08\/Habitat-nat\u00fcrlicher-Lebensraum-Breitrandschildkr\u00f6te-300x199.jpg 300w, https:\/\/www.xn--landschildkrte-6pb.de\/haltung\/wp-content\/uploads\/2017\/08\/Habitat-nat\u00fcrlicher-Lebensraum-Breitrandschildkr\u00f6te-768x510.jpg 768w\" sizes=\"auto, (max-width: 800px) 100vw, 800px\" \/><\/a><br \/>\n<em>Lebensraum der Breitrandschildkr\u00f6te auf Sardinien, ein Berg mit dichter Macchia<\/em><\/p>\n<h3>Buchtipps<\/h3>\n<table border=\"0\">\n<tbody>\n<tr>\n<td width=\"100\" height=\"146\"><a href=\"https:\/\/www.amazon.de\/exec\/obidos\/ASIN\/3980977412\/landschildksu-21\" target=\"_blank\" rel=\"noopener noreferrer\"><br \/>\n<img decoding=\"async\" src=\"https:\/\/www.xn--landschildkrte-6pb.de\/images\/buecher\/wegehaupt_sardinien.jpg\" height=\"130\" border=\"0\" \/><\/a><\/td>\n<td width=\"252\" height=\"146\"><strong><br \/>\n<\/strong><strong><a href=\"https:\/\/www.amazon.de\/exec\/obidos\/ASIN\/3980977412\/landschildksu-21\" target=\"_blank\" rel=\"noopener noreferrer\"><span style=\"color: #788a10;\">Sardinien, die Insel der europ\u00e4ischen Schildkr\u00f6ten<\/span><\/a><\/strong><span style=\"font-family: Arial; font-size: small;\"><br \/>\nWolfgang Wegehaupt.<br \/>\nUnter anderem zahlreiche Informationen \u00fcber freilebende Breitrandschildkr\u00f6ten auf Sardinien mit tollen Bildern und Erfahrungsberichten.<\/span><\/td>\n<td width=\"6\" height=\"146\"><\/td>\n<td width=\"102\" height=\"146\"><\/td>\n<\/tr>\n<\/tbody>\n<\/table>\n<table border=\"0\">\n<tbody>\n<tr>\n<td width=\"100\" height=\"146\"><a href=\"https:\/\/www.amazon.de\/exec\/obidos\/ASIN\/3937285466\/landschildksu-21\" target=\"_blank\" rel=\"noopener noreferrer\"><br \/>\n<img decoding=\"async\" src=\"https:\/\/www.xn--landschildkrte-6pb.de\/images\/buecher\/rogner_breitrandschildkroete.jpg\" alt=\"futterpflanzen.jpg\" height=\"130\" border=\"0\" \/><\/a><\/td>\n<td width=\"240\" height=\"146\"><strong><br \/>\n<\/strong><strong><a href=\"https:\/\/www.amazon.de\/exec\/obidos\/ASIN\/3937285466\/landschildksu-21\" target=\"_blank\" rel=\"noopener noreferrer\"><span style=\"color: #788a10;\">Die Breitrandschildkr\u00f6te (Testudo marginata)<\/span><\/a><\/strong><span style=\"font-family: Arial; font-size: small;\"><br \/>\nManfred Rogner ist Autor zahlreicher B\u00fccher und Artikel im Bereich Terraristik.<\/span><\/td>\n<td width=\"6\" height=\"146\"><\/td>\n<td width=\"102\" height=\"146\"><\/td>\n<\/tr>\n<\/tbody>\n<\/table>\n<p>Informationen \u00fcber freilebende Breitrandschildkr\u00f6ten findest du unter: <a href=\"https:\/\/www.xn--landschildkrte-6pb.de\/schildkroetenexkursion-sardinien\/\" title=\"Breitrandschildkr\u00f6ten auf Sardinien\" class=\"btn btn-primary btn-normal btn-inline \" target=\"_blank\"><i class=\"icon-arrow-right\"><\/i>Breitrandschildkr\u00f6ten auf Sardinien<\/a><!-- .btn -->\n<\/div>\n","protected":false},"excerpt":{"rendered":"","protected":false},"author":1,"featured_media":2409,"parent":0,"menu_order":0,"comment_status":"closed","ping_status":"closed","template":"","meta":{"_exactmetrics_skip_tracking":false,"_exactmetrics_sitenote_active":false,"_exactmetrics_sitenote_note":"","_exactmetrics_sitenote_category":0,"footnotes":""},"class_list":["post-2953","page","type-page","status-publish","has-post-thumbnail","hentry"],"aioseo_notices":[],"publishpress_future_action":{"enabled":false,"date":"2026-05-08 17:59:38","action":"change-status","newStatus":"draft","terms":[],"taxonomy":"","extraData":[]},"publishpress_future_workflow_manual_trigger":{"enabledWorkflows":[]},"_links":{"self":[{"href":"https:\/\/www.xn--landschildkrte-6pb.de\/haltung\/wp-json\/wp\/v2\/pages\/2953","targetHints":{"allow":["GET"]}}],"collection":[{"href":"https:\/\/www.xn--landschildkrte-6pb.de\/haltung\/wp-json\/wp\/v2\/pages"}],"about":[{"href":"https:\/\/www.xn--landschildkrte-6pb.de\/haltung\/wp-json\/wp\/v2\/types\/page"}],"author":[{"embeddable":true,"href":"https:\/\/www.xn--landschildkrte-6pb.de\/haltung\/wp-json\/wp\/v2\/users\/1"}],"replies":[{"embeddable":true,"href":"https:\/\/www.xn--landschildkrte-6pb.de\/haltung\/wp-json\/wp\/v2\/comments?post=2953"}],"version-history":[{"count":19,"href":"https:\/\/www.xn--landschildkrte-6pb.de\/haltung\/wp-json\/wp\/v2\/pages\/2953\/revisions"}],"predecessor-version":[{"id":10085,"href":"https:\/\/www.xn--landschildkrte-6pb.de\/haltung\/wp-json\/wp\/v2\/pages\/2953\/revisions\/10085"}],"wp:featuredmedia":[{"embeddable":true,"href":"https:\/\/www.xn--landschildkrte-6pb.de\/haltung\/wp-json\/wp\/v2\/media\/2409"}],"wp:attachment":[{"href":"https:\/\/www.xn--landschildkrte-6pb.de\/haltung\/wp-json\/wp\/v2\/media?parent=2953"}],"curies":[{"name":"wp","href":"https:\/\/api.w.org\/{rel}","templated":true}]}}