{"id":2960,"date":"2017-08-15T19:12:41","date_gmt":"2017-08-15T19:12:41","guid":{"rendered":"http:\/\/www.landschildkroeten.de\/haltung\/?page_id=2960"},"modified":"2020-09-01T11:46:53","modified_gmt":"2020-09-01T11:46:53","slug":"schildkroetenexkursion-sardinien","status":"publish","type":"page","link":"https:\/\/www.xn--landschildkrte-6pb.de\/haltung\/schildkroetenexkursion-sardinien\/","title":{"rendered":"Schildkr\u00f6tenexkursion Sardinien"},"content":{"rendered":"<div class=\"extra-wrap block_7\">\n<a href=\"https:\/\/www.xn--landschildkrte-6pb.de\/haltung\/wp-content\/uploads\/2017\/08\/Sardinien-traumhafte-Landschaften.jpg\"><img loading=\"lazy\" decoding=\"async\" class=\"alignnone size-full wp-image-2961\" src=\"https:\/\/www.xn--landschildkrte-6pb.de\/haltung\/wp-content\/uploads\/2017\/08\/Sardinien-traumhafte-Landschaften.jpg\" alt=\"\" width=\"800\" height=\"531\" srcset=\"https:\/\/www.xn--landschildkrte-6pb.de\/haltung\/wp-content\/uploads\/2017\/08\/Sardinien-traumhafte-Landschaften.jpg 800w, https:\/\/www.xn--landschildkrte-6pb.de\/haltung\/wp-content\/uploads\/2017\/08\/Sardinien-traumhafte-Landschaften-300x199.jpg 300w, https:\/\/www.xn--landschildkrte-6pb.de\/haltung\/wp-content\/uploads\/2017\/08\/Sardinien-traumhafte-Landschaften-768x510.jpg 768w\" sizes=\"auto, (max-width: 800px) 100vw, 800px\" \/><\/a><br \/>\n<em>Schildkr\u00f6tenhabitat an der Westk\u00fcste Sardiniens<\/em><\/p>\n<p>Hier zeige ich euch nun Eindr\u00fccke meines Sardinien-Urlaubs im Jahre 2009.<\/p>\n<p>Ich muss vorweg sagen: Die Schildkr\u00f6ten laufen einem auf Sardinien nicht an jeder Stra\u00dfenecke \u00fcber den Weg. Von Bekannten, die jedes Jahr 1-2 mal auf Sardinien sind, wei\u00df ich dass sie dort noch nie eine Schildkr\u00f6te gesehen haben. Bevor man sich also auf die Suche begibt, sollte man sich auf jeden Fall Gedanken machen, welcher Art man bei seiner Suche begegnen will und wie der perfekte Lebensraum aussehen k\u00f6nnte. Diesen gilt es dann zu suchen, was sich nicht immer als leichte Aufgabe herausstellt. Viele ewig lange Natursteinmauern und Z\u00e4une versperren einem immer wieder den Zugang.<\/p>\n<p>Geduld, Ausdauer, gute Ohren und gute Augen sind unbedingt notwendig f\u00fcr eine erfolgreiche Schildkr\u00f6tensuche. Funde wie diese entsch\u00e4digen aber jeden Aufwand...<br \/>\n<a href=\"https:\/\/www.xn--landschildkrte-6pb.de\/haltung\/wp-content\/uploads\/2017\/08\/Testudo-hermanni-hermanni.jpg\"><img loading=\"lazy\" decoding=\"async\" class=\"alignnone size-full wp-image-2962\" src=\"https:\/\/www.xn--landschildkrte-6pb.de\/haltung\/wp-content\/uploads\/2017\/08\/Testudo-hermanni-hermanni.jpg\" alt=\"\" width=\"800\" height=\"531\" srcset=\"https:\/\/www.xn--landschildkrte-6pb.de\/haltung\/wp-content\/uploads\/2017\/08\/Testudo-hermanni-hermanni.jpg 800w, https:\/\/www.xn--landschildkrte-6pb.de\/haltung\/wp-content\/uploads\/2017\/08\/Testudo-hermanni-hermanni-300x199.jpg 300w, https:\/\/www.xn--landschildkrte-6pb.de\/haltung\/wp-content\/uploads\/2017\/08\/Testudo-hermanni-hermanni-768x510.jpg 768w\" sizes=\"auto, (max-width: 800px) 100vw, 800px\" \/><\/a><br \/>\n<em>Griechische Landschildkr\u00f6te, Testudo hermanni hermanni<\/em><\/p>\n<p>Dieses Buch hat mich auf meiner Reise begleitet:<\/p>\n<table border=\"0\" width=\"600\">\n<tbody>\n<tr>\n<td width=\"100\" height=\"146\"><a href=\"https:\/\/www.amazon.de\/exec\/obidos\/ASIN\/3980977412\/landschildksu-21\" target=\"_blank\" rel=\"noopener noreferrer\"><br \/>\n<img decoding=\"async\" src=\"https:\/\/www.xn--landschildkrte-6pb.de\/images\/buecher\/wegehaupt_sardinien.jpg\" height=\"130\" border=\"0\" \/><\/a><\/td>\n<td width=\"252\" height=\"146\"><strong><br \/>\n<\/strong><strong><a href=\"https:\/\/www.amazon.de\/exec\/obidos\/ASIN\/3980977412\/landschildksu-21\" target=\"_blank\" rel=\"noopener noreferrer\"><span style=\"color: #788a10;\">Sardinien, die Insel der europ\u00e4ischen Schildkr\u00f6ten<\/span><\/a><\/strong>\u00a0Wolfgang Wegehaupt.<br \/>\nPreis: <strong><span style=\"color: #870a06;\">EUR 29,90<\/span><\/strong><img decoding=\"async\" src=\"https:\/\/www.xn--landschildkrte-6pb.de\/images\/buecher\/5sterne.gif\" \/><\/p>\n<p><span style=\"font-family: Arial; font-size: small;\">192 Seiten, Wegehaupt Verlag, 08\/2006<\/span><br \/>\n<span style=\"font-family: Arial; font-size: small;\"><br \/>\nDas Buch zeigt die Lebensr\u00e4ume aller auf Sardinien vorkommenden Schildkr\u00f6tenarten. Im September 2009 habe ich mich -nat\u00fcrlich mit diesem Buch in der Hand- auf nach Sardinien gemacht um m\u00f6glichst viele Habitate der dort heimischen Schildkr\u00f6ten aufzusuchen und die Tiere zu fotografieren. Das Buch war mir dabei eine gute Hilfe, auch wenn man dort verst\u00e4ndlicherweise keine genauen Standortangaben findet. Auch ich werde bei meinen Berichten darauf verzichten.<\/span><\/td>\n<td width=\"6\" height=\"146\"><\/td>\n<td width=\"102\" height=\"146\"><\/td>\n<\/tr>\n<\/tbody>\n<\/table>\n<p><a href=\"https:\/\/www.xn--landschildkrte-6pb.de\/haltung\/wp-content\/uploads\/2017\/08\/Jungtier-Griechische-Landschildkr\u00f6te.jpg\"><img loading=\"lazy\" decoding=\"async\" class=\"alignnone size-full wp-image-2963\" src=\"https:\/\/www.xn--landschildkrte-6pb.de\/haltung\/wp-content\/uploads\/2017\/08\/Jungtier-Griechische-Landschildkr\u00f6te.jpg\" alt=\"\" width=\"800\" height=\"531\" srcset=\"https:\/\/www.xn--landschildkrte-6pb.de\/haltung\/wp-content\/uploads\/2017\/08\/Jungtier-Griechische-Landschildkr\u00f6te.jpg 800w, https:\/\/www.xn--landschildkrte-6pb.de\/haltung\/wp-content\/uploads\/2017\/08\/Jungtier-Griechische-Landschildkr\u00f6te-300x199.jpg 300w, https:\/\/www.xn--landschildkrte-6pb.de\/haltung\/wp-content\/uploads\/2017\/08\/Jungtier-Griechische-Landschildkr\u00f6te-768x510.jpg 768w\" sizes=\"auto, (max-width: 800px) 100vw, 800px\" \/><\/a><br \/>\n<em>Gut getarntes Jungtier<\/em><\/p>\n<h3>Vorsichtig sein<\/h3>\n<p>Hat man das Gef\u00fchl, dass man in einem Schildkr\u00f6tenhabitat sein k\u00f6nnte, ist Vorsicht geboten. Dieses 34mm kleine Jungtier ist so gut getarnt, dass es nur schwer zu erkennen ist. Als dieses pl\u00f6tzlich vor meinen F\u00fc\u00dfen sa\u00df, \u00fcberlegte ich mir jeden weiteren Schritt zwei mal.<a href=\"https:\/\/www.xn--landschildkrte-6pb.de\/haltung\/wp-content\/uploads\/2017\/08\/Schl\u00fcpfling-Griechische-Landschildkr\u00f6te.jpg\"><img loading=\"lazy\" decoding=\"async\" class=\"alignnone size-full wp-image-2964\" src=\"https:\/\/www.xn--landschildkrte-6pb.de\/haltung\/wp-content\/uploads\/2017\/08\/Schl\u00fcpfling-Griechische-Landschildkr\u00f6te.jpg\" alt=\"\" width=\"800\" height=\"531\" srcset=\"https:\/\/www.xn--landschildkrte-6pb.de\/haltung\/wp-content\/uploads\/2017\/08\/Schl\u00fcpfling-Griechische-Landschildkr\u00f6te.jpg 800w, https:\/\/www.xn--landschildkrte-6pb.de\/haltung\/wp-content\/uploads\/2017\/08\/Schl\u00fcpfling-Griechische-Landschildkr\u00f6te-300x199.jpg 300w, https:\/\/www.xn--landschildkrte-6pb.de\/haltung\/wp-content\/uploads\/2017\/08\/Schl\u00fcpfling-Griechische-Landschildkr\u00f6te-768x510.jpg 768w\" sizes=\"auto, (max-width: 800px) 100vw, 800px\" \/><\/a><br \/>\n<em>Schl\u00fcpfling, kurze Zeit nach einem l\u00e4ngerem Regenschauer<\/em><\/p>\n<p>Erstaunlich viele junge Schildkr\u00f6ten fand ich nachdem es fast die ganze Nacht geregnet hatte und auch adulte Tiere sonnten sich in den ersten Sonnenstrahlen dieses Tages am Rande flacher B\u00fcsche, der sogenannten Garigue.<\/p>\n<p><a href=\"https:\/\/www.xn--landschildkrte-6pb.de\/haltung\/wp-content\/uploads\/2017\/08\/Griechische-Landschildkr\u00f6te-ausgewachsenes-M\u00e4nnchen.jpg\"><img loading=\"lazy\" decoding=\"async\" class=\"alignnone size-full wp-image-2965\" src=\"https:\/\/www.xn--landschildkrte-6pb.de\/haltung\/wp-content\/uploads\/2017\/08\/Griechische-Landschildkr\u00f6te-ausgewachsenes-M\u00e4nnchen.jpg\" alt=\"\" width=\"800\" height=\"531\" srcset=\"https:\/\/www.xn--landschildkrte-6pb.de\/haltung\/wp-content\/uploads\/2017\/08\/Griechische-Landschildkr\u00f6te-ausgewachsenes-M\u00e4nnchen.jpg 800w, https:\/\/www.xn--landschildkrte-6pb.de\/haltung\/wp-content\/uploads\/2017\/08\/Griechische-Landschildkr\u00f6te-ausgewachsenes-M\u00e4nnchen-300x199.jpg 300w, https:\/\/www.xn--landschildkrte-6pb.de\/haltung\/wp-content\/uploads\/2017\/08\/Griechische-Landschildkr\u00f6te-ausgewachsenes-M\u00e4nnchen-768x510.jpg 768w\" sizes=\"auto, (max-width: 800px) 100vw, 800px\" \/><\/a><br \/>\n<em>Ausgewachsenes Testudo hermanni hermanni M\u00e4nnchen<\/em><\/p>\n<p><a href=\"https:\/\/www.xn--landschildkrte-6pb.de\/haltung\/wp-content\/uploads\/2017\/08\/Griechische-Landschildkr\u00f6te-in-ihrem-nat\u00fcrlichen-Lebensraum.jpg\"><img loading=\"lazy\" decoding=\"async\" class=\"alignnone size-full wp-image-2966\" src=\"https:\/\/www.xn--landschildkrte-6pb.de\/haltung\/wp-content\/uploads\/2017\/08\/Griechische-Landschildkr\u00f6te-in-ihrem-nat\u00fcrlichen-Lebensraum.jpg\" alt=\"\" width=\"800\" height=\"531\" srcset=\"https:\/\/www.xn--landschildkrte-6pb.de\/haltung\/wp-content\/uploads\/2017\/08\/Griechische-Landschildkr\u00f6te-in-ihrem-nat\u00fcrlichen-Lebensraum.jpg 800w, https:\/\/www.xn--landschildkrte-6pb.de\/haltung\/wp-content\/uploads\/2017\/08\/Griechische-Landschildkr\u00f6te-in-ihrem-nat\u00fcrlichen-Lebensraum-300x199.jpg 300w, https:\/\/www.xn--landschildkrte-6pb.de\/haltung\/wp-content\/uploads\/2017\/08\/Griechische-Landschildkr\u00f6te-in-ihrem-nat\u00fcrlichen-Lebensraum-768x510.jpg 768w\" sizes=\"auto, (max-width: 800px) 100vw, 800px\" \/><\/a><br \/>\n<em>Gerne verstecken sie sich in diesen kargen, trockenen B\u00fcschen<\/em><\/p>\n<p>Adulte <a href=\"https:\/\/www.xn--landschildkrte-6pb.de\/arten\/griechische-landschildkroete-testudo-hermanni\/\">Griechische Landschildkr\u00f6ten<\/a> fand ich immer am Rande flacher Garigue oder h\u00f6rte sie in undurchdringlichen B\u00fcschen.<\/p>\n<p><a href=\"https:\/\/www.xn--landschildkrte-6pb.de\/haltung\/wp-content\/uploads\/2017\/08\/Panzer-verstorbener-Schl\u00fcpfling.jpg\"><img loading=\"lazy\" decoding=\"async\" class=\"alignnone size-full wp-image-2967\" src=\"https:\/\/www.xn--landschildkrte-6pb.de\/haltung\/wp-content\/uploads\/2017\/08\/Panzer-verstorbener-Schl\u00fcpfling.jpg\" alt=\"\" width=\"800\" height=\"531\" srcset=\"https:\/\/www.xn--landschildkrte-6pb.de\/haltung\/wp-content\/uploads\/2017\/08\/Panzer-verstorbener-Schl\u00fcpfling.jpg 800w, https:\/\/www.xn--landschildkrte-6pb.de\/haltung\/wp-content\/uploads\/2017\/08\/Panzer-verstorbener-Schl\u00fcpfling-300x199.jpg 300w, https:\/\/www.xn--landschildkrte-6pb.de\/haltung\/wp-content\/uploads\/2017\/08\/Panzer-verstorbener-Schl\u00fcpfling-768x510.jpg 768w\" sizes=\"auto, (max-width: 800px) 100vw, 800px\" \/><\/a><br \/>\n<em>Ausgetrockneter Schl\u00fcpfling mit zerbrochenem Panzer<\/em><\/p>\n<p>Dieser schon ausgetrocknete Schl\u00fcpfling hat einen mehrfach gebrochenen Panzer. Entweder ein Wanderer oder ein Schaf wird auf den noch weichen Panzer dieses Jungtieres getreten sein und es damit get\u00f6tet haben. Der hintere Panzerbereich war oben und unten eingedr\u00fcckt.<\/p>\n<h3>Die Ostk\u00fcste<\/h3>\n<p>Jetzt wechseln wir mal schnell von der flachen Westk\u00fcste in die bergige Ostk\u00fcste der Insel. Kein Geheimnis muss sein, dass ich nahe der Stadt Olbia untergebracht war. In der hier \u00fcberwiegend gewachsenen Macchia, der immergr\u00fcnen Vegetation aus Str\u00e4uchern, B\u00e4umen und B\u00fcschen lebt die <a href=\"https:\/\/www.xn--landschildkrte-6pb.de\/breitrandschildkroete-testudo-marginata\/\">Breitrandschildkr\u00f6te<\/a>.<\/p>\n<a href=\"https:\/\/www.xn--landschildkrte-6pb.de\/breitrandschildkroete-testudo-marginata\/\" title=\"Mehr \u00fcber die Breitrandschildkr\u00f6te\" class=\"btn btn-primary btn-normal btn-inline \" target=\"_blank\"><i class=\"icon-arrow-right\"><\/i>Mehr \u00fcber die Breitrandschildkr\u00f6te<\/a><!-- .btn --><div class=\"hr\"><\/div><!-- .hr (end) -->\n<p><a href=\"https:\/\/www.xn--landschildkrte-6pb.de\/haltung\/wp-content\/uploads\/2017\/08\/Breitrandschildkr\u00f6te-Testudo-marginata.jpg\"><img loading=\"lazy\" decoding=\"async\" class=\"alignnone size-full wp-image-2968\" src=\"https:\/\/www.xn--landschildkrte-6pb.de\/haltung\/wp-content\/uploads\/2017\/08\/Breitrandschildkr\u00f6te-Testudo-marginata.jpg\" alt=\"\" width=\"800\" height=\"531\" srcset=\"https:\/\/www.xn--landschildkrte-6pb.de\/haltung\/wp-content\/uploads\/2017\/08\/Breitrandschildkr\u00f6te-Testudo-marginata.jpg 800w, https:\/\/www.xn--landschildkrte-6pb.de\/haltung\/wp-content\/uploads\/2017\/08\/Breitrandschildkr\u00f6te-Testudo-marginata-300x199.jpg 300w, https:\/\/www.xn--landschildkrte-6pb.de\/haltung\/wp-content\/uploads\/2017\/08\/Breitrandschildkr\u00f6te-Testudo-marginata-768x510.jpg 768w\" sizes=\"auto, (max-width: 800px) 100vw, 800px\" \/><\/a><br \/>\n<em>Alte, sehr dunkel gef\u00e4rbte Breitrandschildkr\u00f6te, Testudo marginata<\/em><\/p>\n<p>Ich fand die meisten Tiere in felsigen Gebieten unter gro\u00dfen und leider oft undurchdringlichen B\u00fcschen. Verkratzte Arme und Beine waren bei meiner Suche an der Tagesordnung.<\/p>\n<p><a href=\"https:\/\/www.xn--landschildkrte-6pb.de\/haltung\/wp-content\/uploads\/2017\/08\/Alte-Breitrandschildkr\u00f6te.jpg\"><img loading=\"lazy\" decoding=\"async\" class=\"alignnone size-full wp-image-2969\" src=\"https:\/\/www.xn--landschildkrte-6pb.de\/haltung\/wp-content\/uploads\/2017\/08\/Alte-Breitrandschildkr\u00f6te.jpg\" alt=\"\" width=\"800\" height=\"531\" srcset=\"https:\/\/www.xn--landschildkrte-6pb.de\/haltung\/wp-content\/uploads\/2017\/08\/Alte-Breitrandschildkr\u00f6te.jpg 800w, https:\/\/www.xn--landschildkrte-6pb.de\/haltung\/wp-content\/uploads\/2017\/08\/Alte-Breitrandschildkr\u00f6te-300x199.jpg 300w, https:\/\/www.xn--landschildkrte-6pb.de\/haltung\/wp-content\/uploads\/2017\/08\/Alte-Breitrandschildkr\u00f6te-768x510.jpg 768w\" sizes=\"auto, (max-width: 800px) 100vw, 800px\" \/><\/a><br \/>\n<em>Weitere sehr alte Breitrandschildkr\u00f6te im Nordosten der Insel<\/em><\/p>\n<p><a href=\"https:\/\/www.xn--landschildkrte-6pb.de\/haltung\/wp-content\/uploads\/2017\/08\/Feigenkaktus.jpg\"><img loading=\"lazy\" decoding=\"async\" class=\"alignnone size-full wp-image-2970\" src=\"https:\/\/www.xn--landschildkrte-6pb.de\/haltung\/wp-content\/uploads\/2017\/08\/Feigenkaktus.jpg\" alt=\"\" width=\"800\" height=\"531\" srcset=\"https:\/\/www.xn--landschildkrte-6pb.de\/haltung\/wp-content\/uploads\/2017\/08\/Feigenkaktus.jpg 800w, https:\/\/www.xn--landschildkrte-6pb.de\/haltung\/wp-content\/uploads\/2017\/08\/Feigenkaktus-300x199.jpg 300w, https:\/\/www.xn--landschildkrte-6pb.de\/haltung\/wp-content\/uploads\/2017\/08\/Feigenkaktus-768x510.jpg 768w\" sizes=\"auto, (max-width: 800px) 100vw, 800px\" \/><\/a><br \/>\n<em>Feigenkaktus &amp; dessen Kaktusfeigen als Futterquelle f\u00fcr die Breitrandschildkr\u00f6te<\/em><\/p>\n<p><a href=\"https:\/\/www.xn--landschildkrte-6pb.de\/haltung\/wp-content\/uploads\/2017\/08\/Kaktusfeige.jpg\"><img loading=\"lazy\" decoding=\"async\" class=\"alignnone size-full wp-image-2971\" src=\"https:\/\/www.xn--landschildkrte-6pb.de\/haltung\/wp-content\/uploads\/2017\/08\/Kaktusfeige.jpg\" alt=\"\" width=\"800\" height=\"531\" srcset=\"https:\/\/www.xn--landschildkrte-6pb.de\/haltung\/wp-content\/uploads\/2017\/08\/Kaktusfeige.jpg 800w, https:\/\/www.xn--landschildkrte-6pb.de\/haltung\/wp-content\/uploads\/2017\/08\/Kaktusfeige-300x199.jpg 300w, https:\/\/www.xn--landschildkrte-6pb.de\/haltung\/wp-content\/uploads\/2017\/08\/Kaktusfeige-768x510.jpg 768w\" sizes=\"auto, (max-width: 800px) 100vw, 800px\" \/><\/a><br \/>\n<em>Schildkr\u00f6tenkot neben dem Rest einer heruntergefallenen Kaktusfeige<\/em><\/p>\n<p>Die teilweise ausgeh\u00f6hlten Kaktusfeigen mit dem Schildkr\u00f6tenkot daneben zeigen, dass diese reifen Fr\u00fcchte f\u00fcr <a href=\"https:\/\/www.xn--landschildkrte-6pb.de\/breitrandschildkroete-testudo-marginata\/\">Breitrandschildkr\u00f6ten<\/a> wohl ein besonderer Leckerbissen sind. Wenn man die Dornen im Griff hat, sind sie auch f\u00fcr Menschen essbar.<\/p>\n<p><a href=\"https:\/\/www.xn--landschildkrte-6pb.de\/haltung\/wp-content\/uploads\/2017\/08\/Waldbr\u00e4nde-auf-Sardinien.jpg\"><img loading=\"lazy\" decoding=\"async\" class=\"alignnone size-full wp-image-2972\" src=\"https:\/\/www.xn--landschildkrte-6pb.de\/haltung\/wp-content\/uploads\/2017\/08\/Waldbr\u00e4nde-auf-Sardinien.jpg\" alt=\"\" width=\"800\" height=\"531\" srcset=\"https:\/\/www.xn--landschildkrte-6pb.de\/haltung\/wp-content\/uploads\/2017\/08\/Waldbr\u00e4nde-auf-Sardinien.jpg 800w, https:\/\/www.xn--landschildkrte-6pb.de\/haltung\/wp-content\/uploads\/2017\/08\/Waldbr\u00e4nde-auf-Sardinien-300x199.jpg 300w, https:\/\/www.xn--landschildkrte-6pb.de\/haltung\/wp-content\/uploads\/2017\/08\/Waldbr\u00e4nde-auf-Sardinien-768x510.jpg 768w\" sizes=\"auto, (max-width: 800px) 100vw, 800px\" \/><\/a><br \/>\n<em>Ausgebrannte Landschaften nach Waldbr\u00e4nden im Norden Sardiniens (der Gallura)<\/em><\/p>\n<h3>Gef\u00e4hrdung<\/h3>\n<p>Schildkr\u00f6ten auf Sardinien sind wie \u00fcberall im Mittelmeerraum stark gef\u00e4hrdet - auch durch Br\u00e4nde.<br \/>\nAuf Sardinien herrscht jeden Sommer Waldbrandgefahr. Leider sind es sehr h\u00e4ufig Brandstifter die Winde und die Trockenheit ausnutzen um so Weideland f\u00fcr Schafe und Ackerland zu gewinnen. Ganze Landstriche werden dabei niedergebrannt. Ich war pl\u00f6tzlich in einem Gebiet, wo ringsherum nur noch abgebrannte Berge und T\u00e4ler zu sehen waren.<\/p>\n<p>Mit jedem gro\u00dfem Feuer kommen auch viele hundert oder sogar tausende Schildkr\u00f6ten ums Leben. Ganze Schildkr\u00f6tenpopulationen werden dabei ausgel\u00f6scht.<\/p>\n<p><a href=\"https:\/\/www.xn--landschildkrte-6pb.de\/haltung\/wp-content\/uploads\/2017\/08\/Ehemals-verbrannter-Berg-auf-Sardinien.jpg\"><img loading=\"lazy\" decoding=\"async\" class=\"alignnone size-full wp-image-2973\" src=\"https:\/\/www.xn--landschildkrte-6pb.de\/haltung\/wp-content\/uploads\/2017\/08\/Ehemals-verbrannter-Berg-auf-Sardinien.jpg\" alt=\"\" width=\"800\" height=\"531\" srcset=\"https:\/\/www.xn--landschildkrte-6pb.de\/haltung\/wp-content\/uploads\/2017\/08\/Ehemals-verbrannter-Berg-auf-Sardinien.jpg 800w, https:\/\/www.xn--landschildkrte-6pb.de\/haltung\/wp-content\/uploads\/2017\/08\/Ehemals-verbrannter-Berg-auf-Sardinien-300x199.jpg 300w, https:\/\/www.xn--landschildkrte-6pb.de\/haltung\/wp-content\/uploads\/2017\/08\/Ehemals-verbrannter-Berg-auf-Sardinien-768x510.jpg 768w\" sizes=\"auto, (max-width: 800px) 100vw, 800px\" \/><\/a><br \/>\n<em>Schildkr\u00f6te auf ehemals verbranntem Berg im Nordosten<\/em><\/p>\n<p>Diese Breitrandschildkr\u00f6te lebt auf einem Berg in der Gallura auf Sardinien. Wie man im Hintergrund sieht, sind zwar gr\u00fcne B\u00fcsche vorhanden, es standen und lagen aber \u00fcberall verbrannte \u00c4ste und ganze B\u00e4ume. Nach einiger Zeit haben sich hier dennoch wieder einige alte Breitrandschildkr\u00f6ten angesiedelt. Das Feuer muss jedoch schon einige Jahre zur\u00fcckliegen.<\/p>\n<h3>Wasserschildkr\u00f6ten<\/h3>\n<p>Machen wir mal einen kurzen Ausflug zu den Wasserschildkr\u00f6ten:<br \/>\n<a href=\"https:\/\/www.xn--landschildkrte-6pb.de\/haltung\/wp-content\/uploads\/2017\/08\/Europ\u00e4ische-Sumpfschildkr\u00f6te.jpg\"><img loading=\"lazy\" decoding=\"async\" class=\"alignnone size-full wp-image-2974\" src=\"https:\/\/www.xn--landschildkrte-6pb.de\/haltung\/wp-content\/uploads\/2017\/08\/Europ\u00e4ische-Sumpfschildkr\u00f6te.jpg\" alt=\"\" width=\"800\" height=\"531\" srcset=\"https:\/\/www.xn--landschildkrte-6pb.de\/haltung\/wp-content\/uploads\/2017\/08\/Europ\u00e4ische-Sumpfschildkr\u00f6te.jpg 800w, https:\/\/www.xn--landschildkrte-6pb.de\/haltung\/wp-content\/uploads\/2017\/08\/Europ\u00e4ische-Sumpfschildkr\u00f6te-300x199.jpg 300w, https:\/\/www.xn--landschildkrte-6pb.de\/haltung\/wp-content\/uploads\/2017\/08\/Europ\u00e4ische-Sumpfschildkr\u00f6te-768x510.jpg 768w\" sizes=\"auto, (max-width: 800px) 100vw, 800px\" \/><\/a><br \/>\n<em>Die Europ\u00e4ische Sumpfschildkr\u00f6te (Emys orbicularis) beim Sonnenbad<\/em><\/p>\n<p><a href=\"https:\/\/www.xn--landschildkrte-6pb.de\/haltung\/wp-content\/uploads\/2017\/08\/Europ\u00e4ische-Sumpfschildkr\u00f6te-verschwindet-im-Wasser.jpg\"><img loading=\"lazy\" decoding=\"async\" class=\"alignnone size-full wp-image-2975\" src=\"https:\/\/www.xn--landschildkrte-6pb.de\/haltung\/wp-content\/uploads\/2017\/08\/Europ\u00e4ische-Sumpfschildkr\u00f6te-verschwindet-im-Wasser.jpg\" alt=\"\" width=\"800\" height=\"531\" srcset=\"https:\/\/www.xn--landschildkrte-6pb.de\/haltung\/wp-content\/uploads\/2017\/08\/Europ\u00e4ische-Sumpfschildkr\u00f6te-verschwindet-im-Wasser.jpg 800w, https:\/\/www.xn--landschildkrte-6pb.de\/haltung\/wp-content\/uploads\/2017\/08\/Europ\u00e4ische-Sumpfschildkr\u00f6te-verschwindet-im-Wasser-300x199.jpg 300w, https:\/\/www.xn--landschildkrte-6pb.de\/haltung\/wp-content\/uploads\/2017\/08\/Europ\u00e4ische-Sumpfschildkr\u00f6te-verschwindet-im-Wasser-768x510.jpg 768w\" sizes=\"auto, (max-width: 800px) 100vw, 800px\" \/><\/a><br \/>\n<em>Ich wollte nur ein St\u00fcckchen n\u00e4her ran und schon...war sie weg<\/em><\/p>\n<p>Eigentlich auf der Suche nach Breitrandschildkr\u00f6ten, entdeckte ich dieses abgelegene, klare Gew\u00e4sser. Ein Platschen und ich wusste - hier sind <a href=\"http:\/\/www.wasserschildkroeten.de\" target=\"_blank\" rel=\"noopener noreferrer\">Wasserschildkr\u00f6ten<\/a> zu finden.<\/p>\n<p>Die auf ganz Sardinien verbreiteten Exemplare habe ich als sehr scheu erlebt und bekam kaum M\u00f6glichkeiten sie zu fotografieren. Sobald sie mich entdeckten sprangen sie ins Wasser, auch wenn ich noch 10 Meter von ihnen entfernt war.<\/p>\n<p><a href=\"https:\/\/www.xn--landschildkrte-6pb.de\/haltung\/wp-content\/uploads\/2017\/08\/Korkeiche.jpg\"><img loading=\"lazy\" decoding=\"async\" class=\"alignnone size-full wp-image-2976\" src=\"https:\/\/www.xn--landschildkrte-6pb.de\/haltung\/wp-content\/uploads\/2017\/08\/Korkeiche.jpg\" alt=\"\" width=\"800\" height=\"531\" srcset=\"https:\/\/www.xn--landschildkrte-6pb.de\/haltung\/wp-content\/uploads\/2017\/08\/Korkeiche.jpg 800w, https:\/\/www.xn--landschildkrte-6pb.de\/haltung\/wp-content\/uploads\/2017\/08\/Korkeiche-300x199.jpg 300w, https:\/\/www.xn--landschildkrte-6pb.de\/haltung\/wp-content\/uploads\/2017\/08\/Korkeiche-768x510.jpg 768w\" sizes=\"auto, (max-width: 800px) 100vw, 800px\" \/><\/a><br \/>\n<em>Korkeichen-W\u00e4lder findet man auf der ganzen Insel<\/em><\/p>\n<p>Terrarianer kennen sie - die beliebten K\u00f6rkh\u00f6hlen als Unterschlupf oder Kletterm\u00f6glichkeiten f\u00fcr die Terrarienbewohner. Hier eine abgesch\u00e4lte Korkeiche. Alle 8-12 Jahre w\u00e4chst der Kork nach und kann wieder geerntet werden. Die Korkeiche ist im Laufe der Jahrhunderte parkitisch feuerfest geworden und kann Waldbr\u00e4nde ohne gro\u00dfen Schaden \u00fcberstehen.<\/p>\n<a href=\"https:\/\/www.xn--schildkrten-yfb.net\/produkt\/korktunnel-korkhoehle-halbbogen-unten-offen-30-cm-innenhoehe-%E2%89%A5-12-cm-gereinigt-desinfiziert-naturkorkrinde-als-unterschlupf-fuer-nagetiere-reptilien-voegel-100-korkrinde-natuerl\/\" title=\"Bestellung Korkh\u00f6hle\" class=\"btn btn-primary btn-normal btn-inline \" target=\"_blank\"><i class=\"icon-shopping-cart\"><\/i>Bestellung Korkh\u00f6hle<\/a><!-- .btn --><div class=\"hr\"><\/div><!-- .hr (end) -->\n<p>Mehr Bilder:<\/p>\n<a href=\"https:\/\/www.xn--landschildkrte-6pb.de\/fotogalerie\/sardinien\/\" title=\"Sardinien-Fotogalerie\" class=\"btn btn-primary btn-normal btn-inline \" target=\"_blank\"><i class=\"icon-arrow-right\"><\/i>Sardinien-Fotogalerie<\/a><!-- .btn -->\n<a href=\"https:\/\/www.xn--landschildkrte-6pb.de\/portfolio-view\/breitrandschildkroete-sardinien\/\" title=\"Breitrandschildkr\u00f6ten auf Sardinien\" class=\"btn btn-primary btn-normal btn-inline \" target=\"_blank\"><i class=\"icon-arrow-right\"><\/i>Breitrandschildkr\u00f6ten auf Sardinien<\/a><!-- .btn -->\n<a href=\"https:\/\/www.xn--landschildkrte-6pb.de\/portfolio-view\/griechische-landschildkroete-sardinien\/\" title=\"Griechische Landschildkr\u00f6ten auf Sardinien\" class=\"btn btn-primary btn-normal btn-inline \" target=\"_blank\"><i class=\"icon-arrow-right\"><\/i>Griechische Landschildkr\u00f6ten auf Sardinien<\/a><!-- .btn -->\n<\/div>\n","protected":false},"excerpt":{"rendered":"","protected":false},"author":1,"featured_media":2961,"parent":0,"menu_order":0,"comment_status":"closed","ping_status":"closed","template":"","meta":{"_exactmetrics_skip_tracking":false,"_exactmetrics_sitenote_active":false,"_exactmetrics_sitenote_note":"","_exactmetrics_sitenote_category":0,"footnotes":""},"class_list":["post-2960","page","type-page","status-publish","has-post-thumbnail","hentry"],"aioseo_notices":[],"publishpress_future_action":{"enabled":false,"date":"2026-05-08 18:56:19","action":"change-status","newStatus":"draft","terms":[],"taxonomy":"","extraData":[]},"publishpress_future_workflow_manual_trigger":{"enabledWorkflows":[]},"_links":{"self":[{"href":"https:\/\/www.xn--landschildkrte-6pb.de\/haltung\/wp-json\/wp\/v2\/pages\/2960","targetHints":{"allow":["GET"]}}],"collection":[{"href":"https:\/\/www.xn--landschildkrte-6pb.de\/haltung\/wp-json\/wp\/v2\/pages"}],"about":[{"href":"https:\/\/www.xn--landschildkrte-6pb.de\/haltung\/wp-json\/wp\/v2\/types\/page"}],"author":[{"embeddable":true,"href":"https:\/\/www.xn--landschildkrte-6pb.de\/haltung\/wp-json\/wp\/v2\/users\/1"}],"replies":[{"embeddable":true,"href":"https:\/\/www.xn--landschildkrte-6pb.de\/haltung\/wp-json\/wp\/v2\/comments?post=2960"}],"version-history":[{"count":13,"href":"https:\/\/www.xn--landschildkrte-6pb.de\/haltung\/wp-json\/wp\/v2\/pages\/2960\/revisions"}],"predecessor-version":[{"id":10027,"href":"https:\/\/www.xn--landschildkrte-6pb.de\/haltung\/wp-json\/wp\/v2\/pages\/2960\/revisions\/10027"}],"wp:featuredmedia":[{"embeddable":true,"href":"https:\/\/www.xn--landschildkrte-6pb.de\/haltung\/wp-json\/wp\/v2\/media\/2961"}],"wp:attachment":[{"href":"https:\/\/www.xn--landschildkrte-6pb.de\/haltung\/wp-json\/wp\/v2\/media?parent=2960"}],"curies":[{"name":"wp","href":"https:\/\/api.w.org\/{rel}","templated":true}]}}